{"id":1981,"date":"2021-10-11T12:14:36","date_gmt":"2021-10-11T10:14:36","guid":{"rendered":"https:\/\/imesch-dev.ch\/unsere-weinberge\/"},"modified":"2022-03-31T16:01:48","modified_gmt":"2022-03-31T14:01:48","slug":"unsere-weinberge","status":"publish","type":"page","link":"https:\/\/imesch-vins.ch\/de\/unsere-weinberge\/","title":{"rendered":"Unser Weinberg"},"content":{"rendered":"<p>[et_pb_section fb_built=&#8220;1&#8243; fullwidth=&#8220;on&#8220; _builder_version=&#8220;4.10.7&#8243; _module_preset=&#8220;default&#8220; custom_padding=&#8220;||||true|false&#8220; global_colors_info=&#8220;{}&#8220;][et_pb_fullwidth_slider show_pagination=&#8220;off&#8220; _builder_version=&#8220;4.10.8&#8243; _module_preset=&#8220;default&#8220; background_enable_color=&#8220;off&#8220; custom_padding=&#8220;20vw||20vw||true|false&#8220; custom_padding_tablet=&#8220;40vw||40vw||true|false&#8220; custom_padding_phone=&#8220;&#8220; custom_padding_last_edited=&#8220;on|phone&#8220; auto=&#8220;on&#8220; global_colors_info=&#8220;{}&#8220; header_2_line_height_last_edited=&#8220;on|phone&#8220;][et_pb_slide _builder_version=&#8220;4.10.8&#8243; _module_preset=&#8220;default&#8220; header_font=&#8220;helveticaNeueBold|||on|||||&#8220; header_text_align=&#8220;center&#8220; header_font_size=&#8220;50px&#8220; header_letter_spacing=&#8220;20px&#8220; header_line_height=&#8220;1.2em&#8220; background_color=&#8220;rgba(0,0,0,0.38)&#8220; background_enable_color=&#8220;on&#8220; background_image=&#8220;https:\/\/imesch-vins.ch\/wp-content\/uploads\/2021\/10\/images_slider2.jpg&#8220; background_enable_image=&#8220;on&#8220; background_blend=&#8220;overlay&#8220; header_font_size_tablet=&#8220;40px&#8220; header_font_size_phone=&#8220;32px&#8220; header_font_size_last_edited=&#8220;on|phone&#8220; header_letter_spacing_tablet=&#8220;15px&#8220; header_letter_spacing_phone=&#8220;11px&#8220; header_letter_spacing_last_edited=&#8220;on|desktop&#8220; global_colors_info=&#8220;{}&#8220; sticky_transition=&#8220;on&#8220;][\/et_pb_slide][et_pb_slide _builder_version=&#8220;4.10.8&#8243; _module_preset=&#8220;default&#8220; header_font=&#8220;helveticaNeueBold|||on|||||&#8220; header_text_align=&#8220;center&#8220; header_font_size=&#8220;50px&#8220; header_letter_spacing=&#8220;20px&#8220; header_line_height=&#8220;1.2em&#8220; background_color=&#8220;rgba(0,0,0,0.38)&#8220; background_enable_color=&#8220;on&#8220; background_image=&#8220;https:\/\/imesch-vins.ch\/wp-content\/uploads\/2021\/10\/images_slider3.jpg&#8220; background_enable_image=&#8220;on&#8220; background_blend=&#8220;overlay&#8220; header_font_size_tablet=&#8220;40px&#8220; header_font_size_phone=&#8220;32px&#8220; header_font_size_last_edited=&#8220;on|phone&#8220; header_letter_spacing_tablet=&#8220;15px&#8220; header_letter_spacing_phone=&#8220;11px&#8220; header_letter_spacing_last_edited=&#8220;on|desktop&#8220; global_colors_info=&#8220;{}&#8220; sticky_transition=&#8220;on&#8220;][\/et_pb_slide][\/et_pb_fullwidth_slider][\/et_pb_section][et_pb_section fb_built=&#8220;1&#8243; _builder_version=&#8220;4.10.7&#8243; _module_preset=&#8220;default&#8220; custom_padding=&#8220;0px||0px||false|false&#8220; global_colors_info=&#8220;{}&#8220;][et_pb_row _builder_version=&#8220;4.10.7&#8243; _module_preset=&#8220;default&#8220; position_origin_a=&#8220;top_center&#8220; custom_margin=&#8220;||||false|false&#8220; custom_margin_tablet=&#8220;&#8220; custom_margin_phone=&#8220;&#8220; custom_margin_last_edited=&#8220;on|desktop&#8220; custom_padding=&#8220;0px||0px||false|false&#8220; global_colors_info=&#8220;{}&#8220;][et_pb_column type=&#8220;4_4&#8243; _builder_version=&#8220;4.9.10&#8243; _module_preset=&#8220;default&#8220; global_colors_info=&#8220;{}&#8220;][et_pb_text admin_label=&#8220;Texte&#8220; _builder_version=&#8220;4.10.8&#8243; _module_preset=&#8220;default&#8220; text_font=&#8220;||||||||&#8220; text_text_color=&#8220;#FFFFFF&#8220; header_2_font=&#8220;castelar|||on|||||&#8220; header_3_font=&#8220;HelveticaNeue|800|||||||&#8220; header_3_text_color=&#8220;#FFFFFF&#8220; background_enable_color=&#8220;off&#8220; positioning=&#8220;absolute&#8220; position_origin_a=&#8220;top_center&#8220; vertical_offset=&#8220;-22vw&#8220; vertical_offset_tablet=&#8220;-44vw&#8220; vertical_offset_phone=&#8220;-50vw&#8220; vertical_offset_last_edited=&#8220;on|phone&#8220; position_origin_a_tablet=&#8220;&#8220; position_origin_a_phone=&#8220;&#8220; position_origin_a_last_edited=&#8220;on|tablet&#8220; position_origin_f_tablet=&#8220;&#8220; position_origin_f_phone=&#8220;&#8220; position_origin_f_last_edited=&#8220;on|tablet&#8220; position_origin_r_tablet=&#8220;&#8220; position_origin_r_phone=&#8220;&#8220; position_origin_r_last_edited=&#8220;on|tablet&#8220; text_orientation=&#8220;center&#8220; width=&#8220;100%&#8220; custom_margin=&#8220;||1px||false|false&#8220; custom_padding=&#8220;5px||5px||true|false&#8220; animation_style=&#8220;slide&#8220; animation_direction=&#8220;top&#8220; animation_duration=&#8220;500ms&#8220; header_2_font_size_phone=&#8220;32px&#8220; header_2_line_height_tablet=&#8220;&#8220; header_2_line_height_phone=&#8220;&#8220; header_2_line_height_last_edited=&#8220;on|phone&#8220; positioning_tablet=&#8220;&#8220; positioning_phone=&#8220;&#8220; positioning_last_edited=&#8220;on|tablet&#8220; inline_fonts=&#8220;Times New Roman&#8220; global_colors_info=&#8220;{}&#8220;]<\/p>\n<h2>UNSER WEINBERG<\/h2>\n<p>[\/et_pb_text][et_pb_image src=&#8220;https:\/\/imesch-vins.ch\/wp-content\/uploads\/2021\/08\/arrowDown.png&#8220; title_text=&#8220;arrowDown&#8220; url=&#8220;#histoire&#8220; align=&#8220;center&#8220; disabled_on=&#8220;on|on|off&#8220; admin_label=&#8220;fl\u00e8che desktop&#8220; module_id=&#8220;arrowdown&#8220; _builder_version=&#8220;4.10.8&#8243; _module_preset=&#8220;default&#8220; positioning=&#8220;absolute&#8220; vertical_offset=&#8220;-5vw&#8220; width=&#8220;100%&#8220; global_colors_info=&#8220;{}&#8220;][\/et_pb_image][\/et_pb_column][\/et_pb_row][\/et_pb_section][et_pb_section fb_built=&#8220;1&#8243; disabled_on=&#8220;off|off|off&#8220; module_id=&#8220;histoire&#8220; module_class=&#8220;puce&#8220; _builder_version=&#8220;4.10.8&#8243; _module_preset=&#8220;default&#8220; custom_padding=&#8220;0px||||false|false&#8220; global_colors_info=&#8220;{}&#8220;][et_pb_row use_custom_gutter=&#8220;on&#8220; custom_padding_last_edited=&#8220;on|phone&#8220; _builder_version=&#8220;4.10.7&#8243; _module_preset=&#8220;default&#8220; background_enable_image=&#8220;off&#8220; background_size=&#8220;initial&#8220; background_position=&#8220;top_left&#8220; width_tablet=&#8220;&#8220; width_phone=&#8220;100%&#8220; width_last_edited=&#8220;on|phone&#8220; custom_margin=&#8220;6px|auto||auto||&#8220; custom_padding=&#8220;||0px||false|false&#8220; custom_padding_tablet=&#8220;&#8220; custom_padding_phone=&#8220;|30px||30px|false|false&#8220; global_colors_info=&#8220;{}&#8220;][et_pb_column type=&#8220;4_4&#8243; _builder_version=&#8220;4.10.7&#8243; _module_preset=&#8220;default&#8220; background_image=&#8220;https:\/\/imesch-vins.ch\/wp-content\/uploads\/2021\/09\/background-titre-V2.jpg&#8220; global_colors_info=&#8220;{}&#8220;][et_pb_text _builder_version=&#8220;4.10.8&#8243; _module_preset=&#8220;default&#8220; background_color=&#8220;#FFFFFF&#8220; custom_margin=&#8220;||-10px||false|false&#8220; global_colors_info=&#8220;{}&#8220;]<\/p>\n<h3>UNSERE WEINBERGE<\/h3>\n<p>[\/et_pb_text][\/et_pb_column][\/et_pb_row][et_pb_row use_custom_gutter=&#8220;on&#8220; custom_padding_last_edited=&#8220;on|phone&#8220; module_class=&#8220;puce&#8220; _builder_version=&#8220;4.10.7&#8243; _module_preset=&#8220;default&#8220; background_enable_image=&#8220;off&#8220; background_size=&#8220;initial&#8220; background_position=&#8220;top_left&#8220; width_tablet=&#8220;&#8220; width_phone=&#8220;100%&#8220; width_last_edited=&#8220;on|phone&#8220; custom_padding=&#8220;30px||||false|false&#8220; custom_padding_tablet=&#8220;&#8220; custom_padding_phone=&#8220;|30px||30px|false|false&#8220; global_colors_info=&#8220;{}&#8220;][et_pb_column type=&#8220;4_4&#8243; _builder_version=&#8220;4.9.10&#8243; _module_preset=&#8220;default&#8220; global_colors_info=&#8220;{}&#8220;][et_pb_text _builder_version=&#8220;4.10.8&#8243; _module_preset=&#8220;default&#8220; text_font=&#8220;centuryGothic||||||||&#8220; ul_font=&#8220;centuryGothic||||||||&#8220; custom_padding=&#8220;|||1%|false|false&#8220; custom_padding_tablet=&#8220;|||2%|false|false&#8220; custom_padding_phone=&#8220;|||17%|false|false&#8220; custom_padding_last_edited=&#8220;on|phone&#8220; text_font_size_tablet=&#8220;&#8220; text_font_size_phone=&#8220;&#8220; text_font_size_last_edited=&#8220;on|phone&#8220; global_colors_info=&#8220;{}&#8220;]<\/p>\n<ul>\n<li>Das Gebiet um die Stadt Sierre wird durch sein besonderes Klima so beg\u00fcnstigt, dass schon die alten R\u00f6mer die kleine Siedlung \u00abSirrum amoenum\u00bb nannten: \u00abSierre, die Angenehme\u00bb. Sp\u00e4ter wurde Sierre als die \u00abSonnenstadt\u00bb bekannt, und tats\u00e4chlich weist keine andere Schweizer Gegend so viele Sonnentage auf wie Sierre.\n<p>Das Landschaftsbild von Sierre wird gepr\u00e4gt von einer Talebene mit kleinen Seen und steinigen H\u00fcgeln. Am rechten Rhoneufer erstrecken sich die Hanglagen mit sanftem Gef\u00e4lle, die ein vorz\u00fcgliches Terroir f\u00fcr die Reben abgeben.<\/p>\n<p>Im Lauf der Jahre konnte das Haus Imesch seine Weing\u00fcter \u00fcber die ganze Region rund um Sierre ausbreiten und dabei immer die besten Lagen bevorzugen. In Granges, westlich der Stadt, befinden sich zwei ausserordentliche G\u00fcter: Mangold, wo sich der Cornalin herrlich entfalten kann und Pissiour, wo die Petite Arvine ihr Vorzugsterroir gefunden hat.<\/p>\n<p>Die Humagne Rouge f\u00fchlt sich im Weingut Org\u00e9val bei St-L\u00e9onard besonders wohl, im Gut Darnona in Venth\u00f4ne reifen herrliche Pinot-Noir-Trauben heran, und die Petite Arvine fand schliesslich ein ausgezeichnetes Terroir im Gut von Maison Rouge, in der Stadt Sierre selbst.<\/p>\n<\/li>\n<\/ul>\n<p>[\/et_pb_text][\/et_pb_column][\/et_pb_row][\/et_pb_section][et_pb_section fb_built=&#8220;1&#8243; _builder_version=&#8220;4.10.8&#8243; _module_preset=&#8220;default&#8220; custom_padding=&#8220;0px||0px||false|false&#8220; global_colors_info=&#8220;{}&#8220;][et_pb_row _builder_version=&#8220;4.10.8&#8243; _module_preset=&#8220;default&#8220; width=&#8220;100%&#8220; max_width=&#8220;1920px&#8220; custom_padding=&#8220;0px||0px||false|false&#8220; global_colors_info=&#8220;{}&#8220;][et_pb_column type=&#8220;4_4&#8243; _builder_version=&#8220;4.10.8&#8243; _module_preset=&#8220;default&#8220; global_colors_info=&#8220;{}&#8220;][et_pb_text _builder_version=&#8220;4.10.8&#8243; _module_preset=&#8220;default&#8220; global_colors_info=&#8220;{}&#8220;]<\/p>\n\t<div class=\"wrap_svl_center\">\r\n\t<div class=\"wrap_svl_center_box\">\r\n\t<div class=\"wrap_svl\" id=\"body_drag_1968\">\r\n\t\t<div class=\"images_wrap\">\r\n                            <img decoding=\"async\" src=\"https:\/\/imesch-vins.ch\/wp-content\/uploads\/2021\/10\/carte-valais.jpg\" alt=\"\">\r\n            \t\t<\/div>\t\r\n\t\t \t\t \t\t <div class=\"drag_element tips \" style=\"top:9.84%;left:75.38%;\" >\r\n\t\t \t<div class=\"point_style  ihotspot_tooltop_html\" data-placement=\"n\" data-html=\"\t\t \t\t\t                  &lt;div class=&quot;box_view_html&quot;&gt;\r\n\t\t\t\t\t&lt;span class=&quot;close_ihp&quot;&gt;\r\n\t\t\t\t\t\t&lt;svg version=&quot;1.1&quot; xmlns=&quot;http:\/\/www.w3.org\/2000\/svg&quot; xmlns:xlink=&quot;http:\/\/www.w3.org\/1999\/xlink&quot; x=&quot;0px&quot; y=&quot;0px&quot; viewBox=&quot;0 0 1000 1000&quot; enable-background=&quot;new 0 0 1000 1000&quot; xml:space=&quot;preserve&quot;&gt;&lt;g&gt;&lt;path d=&quot;M153.7,153.7C57.9,249.5,10,365.3,10,499c0,135.7,47.9,251.5,143.7,347.3l0,0C249.5,942.1,363.3,990,499,990c135.7,0,251.5-47.9,347.3-143.7C942.1,750.5,990,634.7,990,499c0-135.7-47.9-249.5-143.7-345.3l0,0C750.5,57.9,634.7,10,499,10C365.3,10,249.5,57.9,153.7,153.7z M209.6,211.6l2-2C289.4,129.7,387.2,89.8,499,89.8c113.8,0,209.6,39.9,291.4,121.8c79.8,77.8,119.8,175.6,119.8,287.4c0,113.8-39.9,209.6-119.8,291.4C708.6,870.3,612.8,910.2,499,910.2c-111.8,0-209.6-39.9-287.4-119.8C129.8,708.6,89.8,612.8,89.8,499C89.8,387.2,129.8,289.4,209.6,211.6z&quot;\/&gt;&lt;path d=&quot;M293.4,331.3c0,12,4,22,12,29.9L443.1,497L305.4,632.7c-8,8-12,18-12,29.9c0,10,4,18,12,26c8,8,18,12,28,12c12,0,20-4,27.9-10L499,552.9l135.7,137.7c8,6,16,10,28,10c12,0,21.9-4,27.9-10c8-8,12-18,12-28c0-12-4-21.9-12-29.9L554.9,497l135.7-135.7c8-8,12-18,12-27.9c0-12-4-22-12-29.9c-6-8-16-12-25.9-12c-12,0-21.9,4-29.9,12L499,441.1L363.3,303.4c-8-8-18-12-29.9-12c-10,0-20,4-28,12C297.4,311.4,293.4,321.4,293.4,331.3z&quot;\/&gt;&lt;\/g&gt;&lt;\/svg&gt;&lt;\/span&gt;\r\n\t\t\t\t\t\t&lt;p&gt;Domaine Darnona&lt;\/p&gt;\n\t\t\t\t\t&lt;\/div&gt;\r\n\t\t\t \t\t \t\t \">\r\n\t\t \t\t<a href=\"#darnona\" title=\"\" target=\"_self\">\t\t\t \t\t\t\t\t \t\t\t<div class=\"pins_animation ihotspot_pulse\" style=\"top:-12.5px;left:-12.5px;height:25px;width:25px\"><\/div>\r\n\t\t\t \t\t\t\t\t \t\t<img decoding=\"async\" src=\"https:\/\/imesch-vins.ch\/wp-content\/uploads\/2021\/10\/1.png\" class=\"pins_image ihotspot_hastooltop\" style=\"top:-12.5px;left:-12.5px\" alt=\"\">\r\n\t\t\t \t\t\t\t \t\t<\/a>\t\t \t<\/div>\r\n\t\t <\/div>\r\n\t\t \t\t <div class=\"drag_element tips \" style=\"top:15.67%;left:76.77%;\" >\r\n\t\t \t<div class=\"point_style  ihotspot_tooltop_html\" data-placement=\"n\" data-html=\"\t\t \t\t\t                  &lt;div class=&quot;box_view_html&quot;&gt;\r\n\t\t\t\t\t&lt;span class=&quot;close_ihp&quot;&gt;\r\n\t\t\t\t\t\t&lt;svg version=&quot;1.1&quot; xmlns=&quot;http:\/\/www.w3.org\/2000\/svg&quot; xmlns:xlink=&quot;http:\/\/www.w3.org\/1999\/xlink&quot; x=&quot;0px&quot; y=&quot;0px&quot; viewBox=&quot;0 0 1000 1000&quot; enable-background=&quot;new 0 0 1000 1000&quot; xml:space=&quot;preserve&quot;&gt;&lt;g&gt;&lt;path d=&quot;M153.7,153.7C57.9,249.5,10,365.3,10,499c0,135.7,47.9,251.5,143.7,347.3l0,0C249.5,942.1,363.3,990,499,990c135.7,0,251.5-47.9,347.3-143.7C942.1,750.5,990,634.7,990,499c0-135.7-47.9-249.5-143.7-345.3l0,0C750.5,57.9,634.7,10,499,10C365.3,10,249.5,57.9,153.7,153.7z M209.6,211.6l2-2C289.4,129.7,387.2,89.8,499,89.8c113.8,0,209.6,39.9,291.4,121.8c79.8,77.8,119.8,175.6,119.8,287.4c0,113.8-39.9,209.6-119.8,291.4C708.6,870.3,612.8,910.2,499,910.2c-111.8,0-209.6-39.9-287.4-119.8C129.8,708.6,89.8,612.8,89.8,499C89.8,387.2,129.8,289.4,209.6,211.6z&quot;\/&gt;&lt;path d=&quot;M293.4,331.3c0,12,4,22,12,29.9L443.1,497L305.4,632.7c-8,8-12,18-12,29.9c0,10,4,18,12,26c8,8,18,12,28,12c12,0,20-4,27.9-10L499,552.9l135.7,137.7c8,6,16,10,28,10c12,0,21.9-4,27.9-10c8-8,12-18,12-28c0-12-4-21.9-12-29.9L554.9,497l135.7-135.7c8-8,12-18,12-27.9c0-12-4-22-12-29.9c-6-8-16-12-25.9-12c-12,0-21.9,4-29.9,12L499,441.1L363.3,303.4c-8-8-18-12-29.9-12c-10,0-20,4-28,12C297.4,311.4,293.4,321.4,293.4,331.3z&quot;\/&gt;&lt;\/g&gt;&lt;\/svg&gt;&lt;\/span&gt;\r\n\t\t\t\t\t\t&lt;p&gt;Domaine Maison Rouge&lt;\/p&gt;\n\t\t\t\t\t&lt;\/div&gt;\r\n\t\t\t \t\t \t\t \">\r\n\t\t \t\t<a href=\"#maison-rouge\" title=\"\" target=\"_self\">\t\t\t \t\t\t\t\t \t\t\t<div class=\"pins_animation ihotspot_pulse\" style=\"top:-12.5px;left:-12.5px;height:25px;width:25px\"><\/div>\r\n\t\t\t \t\t\t\t\t \t\t<img decoding=\"async\" src=\"https:\/\/imesch-vins.ch\/wp-content\/uploads\/2021\/10\/2.png\" class=\"pins_image ihotspot_hastooltop\" style=\"top:-12.5px;left:-12.5px\" alt=\"\">\r\n\t\t\t \t\t\t\t \t\t<\/a>\t\t \t<\/div>\r\n\t\t <\/div>\r\n\t\t \t\t <div class=\"drag_element tips \" style=\"top:25.77%;left:63.73%;\" >\r\n\t\t \t<div class=\"point_style  ihotspot_tooltop_html\" data-placement=\"n\" data-html=\"\t\t \t\t\t                  &lt;div class=&quot;box_view_html&quot;&gt;\r\n\t\t\t\t\t&lt;span class=&quot;close_ihp&quot;&gt;\r\n\t\t\t\t\t\t&lt;svg version=&quot;1.1&quot; xmlns=&quot;http:\/\/www.w3.org\/2000\/svg&quot; xmlns:xlink=&quot;http:\/\/www.w3.org\/1999\/xlink&quot; x=&quot;0px&quot; y=&quot;0px&quot; viewBox=&quot;0 0 1000 1000&quot; enable-background=&quot;new 0 0 1000 1000&quot; xml:space=&quot;preserve&quot;&gt;&lt;g&gt;&lt;path d=&quot;M153.7,153.7C57.9,249.5,10,365.3,10,499c0,135.7,47.9,251.5,143.7,347.3l0,0C249.5,942.1,363.3,990,499,990c135.7,0,251.5-47.9,347.3-143.7C942.1,750.5,990,634.7,990,499c0-135.7-47.9-249.5-143.7-345.3l0,0C750.5,57.9,634.7,10,499,10C365.3,10,249.5,57.9,153.7,153.7z M209.6,211.6l2-2C289.4,129.7,387.2,89.8,499,89.8c113.8,0,209.6,39.9,291.4,121.8c79.8,77.8,119.8,175.6,119.8,287.4c0,113.8-39.9,209.6-119.8,291.4C708.6,870.3,612.8,910.2,499,910.2c-111.8,0-209.6-39.9-287.4-119.8C129.8,708.6,89.8,612.8,89.8,499C89.8,387.2,129.8,289.4,209.6,211.6z&quot;\/&gt;&lt;path d=&quot;M293.4,331.3c0,12,4,22,12,29.9L443.1,497L305.4,632.7c-8,8-12,18-12,29.9c0,10,4,18,12,26c8,8,18,12,28,12c12,0,20-4,27.9-10L499,552.9l135.7,137.7c8,6,16,10,28,10c12,0,21.9-4,27.9-10c8-8,12-18,12-28c0-12-4-21.9-12-29.9L554.9,497l135.7-135.7c8-8,12-18,12-27.9c0-12-4-22-12-29.9c-6-8-16-12-25.9-12c-12,0-21.9,4-29.9,12L499,441.1L363.3,303.4c-8-8-18-12-29.9-12c-10,0-20,4-28,12C297.4,311.4,293.4,321.4,293.4,331.3z&quot;\/&gt;&lt;\/g&gt;&lt;\/svg&gt;&lt;\/span&gt;\r\n\t\t\t\t\t\t&lt;p&gt;Domaine Mangold&lt;\/p&gt;\n\t\t\t\t\t&lt;\/div&gt;\r\n\t\t\t \t\t \t\t \">\r\n\t\t \t\t<a href=\"#mangold\" title=\"\" target=\"_self\">\t\t\t \t\t\t\t\t \t\t\t<div class=\"pins_animation ihotspot_pulse\" style=\"top:-12.5px;left:-12.5px;height:25px;width:25px\"><\/div>\r\n\t\t\t \t\t\t\t\t \t\t<img decoding=\"async\" src=\"https:\/\/imesch-vins.ch\/wp-content\/uploads\/2021\/10\/3.png\" class=\"pins_image ihotspot_hastooltop\" style=\"top:-12.5px;left:-12.5px\" alt=\"\">\r\n\t\t\t \t\t\t\t \t\t<\/a>\t\t \t<\/div>\r\n\t\t <\/div>\r\n\t\t \t\t <div class=\"drag_element tips \" style=\"top:24.86%;left:65.84%;\" >\r\n\t\t \t<div class=\"point_style  ihotspot_tooltop_html\" data-placement=\"n\" data-html=\"\t\t \t\t\t                  &lt;div class=&quot;box_view_html&quot;&gt;\r\n\t\t\t\t\t&lt;span class=&quot;close_ihp&quot;&gt;\r\n\t\t\t\t\t\t&lt;svg version=&quot;1.1&quot; xmlns=&quot;http:\/\/www.w3.org\/2000\/svg&quot; xmlns:xlink=&quot;http:\/\/www.w3.org\/1999\/xlink&quot; x=&quot;0px&quot; y=&quot;0px&quot; viewBox=&quot;0 0 1000 1000&quot; enable-background=&quot;new 0 0 1000 1000&quot; xml:space=&quot;preserve&quot;&gt;&lt;g&gt;&lt;path d=&quot;M153.7,153.7C57.9,249.5,10,365.3,10,499c0,135.7,47.9,251.5,143.7,347.3l0,0C249.5,942.1,363.3,990,499,990c135.7,0,251.5-47.9,347.3-143.7C942.1,750.5,990,634.7,990,499c0-135.7-47.9-249.5-143.7-345.3l0,0C750.5,57.9,634.7,10,499,10C365.3,10,249.5,57.9,153.7,153.7z M209.6,211.6l2-2C289.4,129.7,387.2,89.8,499,89.8c113.8,0,209.6,39.9,291.4,121.8c79.8,77.8,119.8,175.6,119.8,287.4c0,113.8-39.9,209.6-119.8,291.4C708.6,870.3,612.8,910.2,499,910.2c-111.8,0-209.6-39.9-287.4-119.8C129.8,708.6,89.8,612.8,89.8,499C89.8,387.2,129.8,289.4,209.6,211.6z&quot;\/&gt;&lt;path d=&quot;M293.4,331.3c0,12,4,22,12,29.9L443.1,497L305.4,632.7c-8,8-12,18-12,29.9c0,10,4,18,12,26c8,8,18,12,28,12c12,0,20-4,27.9-10L499,552.9l135.7,137.7c8,6,16,10,28,10c12,0,21.9-4,27.9-10c8-8,12-18,12-28c0-12-4-21.9-12-29.9L554.9,497l135.7-135.7c8-8,12-18,12-27.9c0-12-4-22-12-29.9c-6-8-16-12-25.9-12c-12,0-21.9,4-29.9,12L499,441.1L363.3,303.4c-8-8-18-12-29.9-12c-10,0-20,4-28,12C297.4,311.4,293.4,321.4,293.4,331.3z&quot;\/&gt;&lt;\/g&gt;&lt;\/svg&gt;&lt;\/span&gt;\r\n\t\t\t\t\t\t&lt;p&gt;Domaine Pissiour&lt;\/p&gt;\n\t\t\t\t\t&lt;\/div&gt;\r\n\t\t\t \t\t \t\t \">\r\n\t\t \t\t<a href=\"#pissiour\" title=\"\" target=\"_self\">\t\t\t \t\t\t\t\t \t\t\t<div class=\"pins_animation ihotspot_pulse\" style=\"top:-12.5px;left:-12.5px;height:25px;width:25px\"><\/div>\r\n\t\t\t \t\t\t\t\t \t\t<img decoding=\"async\" src=\"https:\/\/imesch-vins.ch\/wp-content\/uploads\/2021\/10\/4.png\" class=\"pins_image ihotspot_hastooltop\" style=\"top:-12.5px;left:-12.5px\" alt=\"\">\r\n\t\t\t \t\t\t\t \t\t<\/a>\t\t \t<\/div>\r\n\t\t <\/div>\r\n\t\t \t\t <div class=\"drag_element tips \" style=\"top:29%;left:56.96%;\" >\r\n\t\t \t<div class=\"point_style  ihotspot_tooltop_html\" data-placement=\"n\" data-html=\"\t\t \t\t\t                  &lt;div class=&quot;box_view_html&quot;&gt;\r\n\t\t\t\t\t&lt;span class=&quot;close_ihp&quot;&gt;\r\n\t\t\t\t\t\t&lt;svg version=&quot;1.1&quot; xmlns=&quot;http:\/\/www.w3.org\/2000\/svg&quot; xmlns:xlink=&quot;http:\/\/www.w3.org\/1999\/xlink&quot; x=&quot;0px&quot; y=&quot;0px&quot; viewBox=&quot;0 0 1000 1000&quot; enable-background=&quot;new 0 0 1000 1000&quot; xml:space=&quot;preserve&quot;&gt;&lt;g&gt;&lt;path d=&quot;M153.7,153.7C57.9,249.5,10,365.3,10,499c0,135.7,47.9,251.5,143.7,347.3l0,0C249.5,942.1,363.3,990,499,990c135.7,0,251.5-47.9,347.3-143.7C942.1,750.5,990,634.7,990,499c0-135.7-47.9-249.5-143.7-345.3l0,0C750.5,57.9,634.7,10,499,10C365.3,10,249.5,57.9,153.7,153.7z M209.6,211.6l2-2C289.4,129.7,387.2,89.8,499,89.8c113.8,0,209.6,39.9,291.4,121.8c79.8,77.8,119.8,175.6,119.8,287.4c0,113.8-39.9,209.6-119.8,291.4C708.6,870.3,612.8,910.2,499,910.2c-111.8,0-209.6-39.9-287.4-119.8C129.8,708.6,89.8,612.8,89.8,499C89.8,387.2,129.8,289.4,209.6,211.6z&quot;\/&gt;&lt;path d=&quot;M293.4,331.3c0,12,4,22,12,29.9L443.1,497L305.4,632.7c-8,8-12,18-12,29.9c0,10,4,18,12,26c8,8,18,12,28,12c12,0,20-4,27.9-10L499,552.9l135.7,137.7c8,6,16,10,28,10c12,0,21.9-4,27.9-10c8-8,12-18,12-28c0-12-4-21.9-12-29.9L554.9,497l135.7-135.7c8-8,12-18,12-27.9c0-12-4-22-12-29.9c-6-8-16-12-25.9-12c-12,0-21.9,4-29.9,12L499,441.1L363.3,303.4c-8-8-18-12-29.9-12c-10,0-20,4-28,12C297.4,311.4,293.4,321.4,293.4,331.3z&quot;\/&gt;&lt;\/g&gt;&lt;\/svg&gt;&lt;\/span&gt;\r\n\t\t\t\t\t\t&lt;p&gt;Domaine d&#8217;Org\u00e9val&lt;\/p&gt;\n\t\t\t\t\t&lt;\/div&gt;\r\n\t\t\t \t\t \t\t \">\r\n\t\t \t\t<a href=\"#orgeval\" title=\"\" target=\"_self\">\t\t\t \t\t\t\t\t \t\t\t<div class=\"pins_animation ihotspot_pulse\" style=\"top:-12.5px;left:-12.5px;height:25px;width:25px\"><\/div>\r\n\t\t\t \t\t\t\t\t \t\t<img decoding=\"async\" src=\"https:\/\/imesch-vins.ch\/wp-content\/uploads\/2021\/10\/5.png\" class=\"pins_image ihotspot_hastooltop\" style=\"top:-12.5px;left:-12.5px\" alt=\"\">\r\n\t\t\t \t\t\t\t \t\t<\/a>\t\t \t<\/div>\r\n\t\t <\/div>\r\n\t\t \t\t \r\n\t\t  \t\t \t\r\n\t <\/div>\r\n\t <\/div>\r\n\t <\/div>\r\n\t\n<p>[\/et_pb_text][\/et_pb_column][\/et_pb_row][\/et_pb_section][et_pb_section fb_built=&#8220;1&#8243; _builder_version=&#8220;4.10.8&#8243; _module_preset=&#8220;default&#8220; background_image=&#8220;https:\/\/imesch-vins.ch\/wp-content\/uploads\/2021\/10\/03-Domaines-parallax-01bis-de-Loeche-a-Sierre-Famille-Rouvinez-1-1500&#215;844-1.jpg&#8220; height=&#8220;400px&#8220; custom_margin=&#8220;-6px||||false|false&#8220; global_colors_info=&#8220;{}&#8220;][et_pb_row _builder_version=&#8220;4.10.7&#8243; _module_preset=&#8220;default&#8220; global_colors_info=&#8220;{}&#8220;][et_pb_column type=&#8220;4_4&#8243; _builder_version=&#8220;4.10.7&#8243; _module_preset=&#8220;default&#8220; global_colors_info=&#8220;{}&#8220;][et_pb_text _builder_version=&#8220;4.10.8&#8243; _module_preset=&#8220;default&#8220; text_font=&#8220;castelar|700|||||||&#8220; text_text_color=&#8220;#FFFFFF&#8220; text_font_size=&#8220;35px&#8220; text_line_height=&#8220;1.6em&#8220; header_font=&#8220;helveticaNeueBold||||||||&#8220; header_2_font=&#8220;helveticaNeueBold|300|||||||&#8220; header_2_font_size=&#8220;50px&#8220; header_2_letter_spacing=&#8220;20px&#8220; header_3_font=&#8220;helveticaNeue||||||||&#8220; header_4_font=&#8220;helveticaNeue||||||||&#8220; header_5_font=&#8220;helveticaNeue||||||||&#8220; header_6_font=&#8220;helveticaNeue||||||||&#8220; text_orientation=&#8220;center&#8220; custom_margin=&#8220;12vh||||false|false&#8220; global_colors_info=&#8220;{}&#8220;]<\/p>\n<p>VON LEUK BIS SIDERS<\/p>\n<p>[\/et_pb_text][\/et_pb_column][\/et_pb_row][\/et_pb_section][et_pb_section fb_built=&#8220;1&#8243; _builder_version=&#8220;4.10.8&#8243; _module_preset=&#8220;default&#8220; global_colors_info=&#8220;{}&#8220;][et_pb_row column_structure=&#8220;3_5,2_5&#8243; use_custom_gutter=&#8220;on&#8220; gutter_width=&#8220;2&#8243; module_id=&#8220;darnona&#8220; _builder_version=&#8220;4.10.8&#8243; _module_preset=&#8220;default&#8220; locked=&#8220;off&#8220; global_colors_info=&#8220;{}&#8220;][et_pb_column type=&#8220;3_5&#8243; _builder_version=&#8220;4.10.7&#8243; _module_preset=&#8220;default&#8220; global_colors_info=&#8220;{}&#8220;][et_pb_image src=&#8220;https:\/\/imesch-vins.ch\/wp-content\/uploads\/2021\/10\/03-Domaines-02-Darnona-Famille-Rouvinez-1.jpg&#8220; title_text=&#8220;03-Domaines-02-Darnona-Famille-Rouvinez-1&#8243; _builder_version=&#8220;4.10.7&#8243; _module_preset=&#8220;default&#8220; global_colors_info=&#8220;{}&#8220;][\/et_pb_image][\/et_pb_column][et_pb_column type=&#8220;2_5&#8243; _builder_version=&#8220;4.10.7&#8243; _module_preset=&#8220;default&#8220; background_image=&#8220;https:\/\/imesch-vins.ch\/wp-content\/uploads\/2021\/09\/background-titre-V2.jpg&#8220; global_colors_info=&#8220;{}&#8220;][et_pb_text _builder_version=&#8220;4.10.8&#8243; _module_preset=&#8220;default&#8220; header_font=&#8220;helveticaNeueBold||||||||&#8220; header_2_font=&#8220;HelveticaNeue|||on|||||&#8220; header_2_font_size=&#8220;50px&#8220; header_2_letter_spacing=&#8220;20px&#8220; header_3_font=&#8220;castelar|800||on|||||&#8220; header_3_text_color=&#8220;#4f4f4f&#8220; header_3_font_size=&#8220;28px&#8220; header_3_letter_spacing=&#8220;6px&#8220; header_3_line_height=&#8220;1.4em&#8220; header_4_font=&#8220;helveticaNeue||||||||&#8220; header_5_font=&#8220;helveticaNeue||||||||&#8220; header_6_font=&#8220;helveticaNeue||||||||&#8220; background_color=&#8220;#ffffff&#8220; custom_margin=&#8220;||-10px||false|false&#8220; custom_margin_tablet=&#8220;&#8220; custom_margin_phone=&#8220;||||false|false&#8220; custom_margin_last_edited=&#8220;on|phone&#8220; custom_padding=&#8220;||||false|false&#8220; mix_blend_mode=&#8220;screen&#8220; header_3_font_size_tablet=&#8220;36px&#8220; header_3_font_size_phone=&#8220;32px&#8220; header_3_font_size_last_edited=&#8220;on|phone&#8220; custom_css_main_element=&#8220;-webkit-backface-visibility: visible !important;||backface-visibility: visible !important;&#8220; locked=&#8220;off&#8220; global_colors_info=&#8220;{}&#8220;]<\/p>\n<h3>DARNONA<\/h3>\n<p>[\/et_pb_text][et_pb_text _builder_version=&#8220;4.10.8&#8243; _module_preset=&#8220;default&#8220; text_font=&#8220;centuryGothic||||||||&#8220; header_font=&#8220;helveticaNeueBold||||||||&#8220; header_2_font=&#8220;helveticaNeueBold|300|||||||&#8220; header_2_font_size=&#8220;50px&#8220; header_2_letter_spacing=&#8220;20px&#8220; header_3_font=&#8220;helveticaNeue||||||||&#8220; header_4_font=&#8220;helveticaNeue||||||||&#8220; header_5_font=&#8220;helveticaNeue||||||||&#8220; header_6_font=&#8220;helveticaNeue||||||||&#8220; background_color=&#8220;#FFFFFF&#8220; custom_margin=&#8220;||-16px||false|false&#8220; text_font_size_tablet=&#8220;&#8220; text_font_size_phone=&#8220;&#8220; text_font_size_last_edited=&#8220;on|phone&#8220; global_colors_info=&#8220;{}&#8220;]<\/p>\n<p><strong>Lage<\/strong> : Venth\u00f4ne<br \/>\n<strong>Fl\u00e4che<\/strong> : 1 Hektare<br \/>\n<strong>Rebsorte<\/strong> : Pinot Noir<br \/>\n<strong>Haus<\/strong> : Imesch<br \/>\n<strong>Weine<\/strong> : Pinot Noir Soleil d\u2019Or<\/p>\n<p>[\/et_pb_text][\/et_pb_column][\/et_pb_row][et_pb_row column_structure=&#8220;3_5,2_5&#8243; use_custom_gutter=&#8220;on&#8220; gutter_width=&#8220;2&#8243; module_id=&#8220;maison-rouge&#8220; _builder_version=&#8220;4.10.8&#8243; _module_preset=&#8220;default&#8220; locked=&#8220;off&#8220; global_colors_info=&#8220;{}&#8220;][et_pb_column type=&#8220;3_5&#8243; _builder_version=&#8220;4.10.7&#8243; _module_preset=&#8220;default&#8220; global_colors_info=&#8220;{}&#8220;][et_pb_image src=&#8220;https:\/\/imesch-vins.ch\/wp-content\/uploads\/2021\/10\/03-Domaines-06-Maison-Rouge-Famille-Rouvinez-1.jpg&#8220; title_text=&#8220;03-Domaines-06-Maison-Rouge-Famille-Rouvinez-1&#8243; _builder_version=&#8220;4.10.7&#8243; _module_preset=&#8220;default&#8220; global_colors_info=&#8220;{}&#8220;][\/et_pb_image][\/et_pb_column][et_pb_column type=&#8220;2_5&#8243; _builder_version=&#8220;4.10.7&#8243; _module_preset=&#8220;default&#8220; background_image=&#8220;https:\/\/imesch-vins.ch\/wp-content\/uploads\/2021\/09\/background-titre-V2.jpg&#8220; global_colors_info=&#8220;{}&#8220;][et_pb_text _builder_version=&#8220;4.10.8&#8243; _module_preset=&#8220;default&#8220; header_font=&#8220;helveticaNeueBold||||||||&#8220; header_2_font=&#8220;HelveticaNeue|||on|||||&#8220; header_2_font_size=&#8220;50px&#8220; header_2_letter_spacing=&#8220;20px&#8220; header_3_font=&#8220;castelar|800||on|||||&#8220; header_3_text_color=&#8220;#4f4f4f&#8220; header_3_font_size=&#8220;28px&#8220; header_3_letter_spacing=&#8220;6px&#8220; header_3_line_height=&#8220;1.4em&#8220; header_4_font=&#8220;helveticaNeue||||||||&#8220; header_5_font=&#8220;helveticaNeue||||||||&#8220; header_6_font=&#8220;helveticaNeue||||||||&#8220; background_color=&#8220;#ffffff&#8220; custom_margin=&#8220;||-8px||false|false&#8220; custom_margin_tablet=&#8220;&#8220; custom_margin_phone=&#8220;||||false|false&#8220; custom_margin_last_edited=&#8220;on|phone&#8220; custom_padding=&#8220;||||false|false&#8220; mix_blend_mode=&#8220;screen&#8220; header_3_font_size_tablet=&#8220;36px&#8220; header_3_font_size_phone=&#8220;32px&#8220; header_3_font_size_last_edited=&#8220;on|phone&#8220; custom_css_main_element=&#8220;-webkit-backface-visibility: visible !important;||backface-visibility: visible !important;&#8220; locked=&#8220;off&#8220; global_colors_info=&#8220;{}&#8220;]<\/p>\n<h3>MAISON ROUGE<\/h3>\n<p>[\/et_pb_text][et_pb_text _builder_version=&#8220;4.10.8&#8243; _module_preset=&#8220;default&#8220; text_font=&#8220;centuryGothic||||||||&#8220; header_font=&#8220;helveticaNeueBold||||||||&#8220; header_2_font=&#8220;helveticaNeueBold|300|||||||&#8220; header_2_font_size=&#8220;50px&#8220; header_2_letter_spacing=&#8220;20px&#8220; header_3_font=&#8220;helveticaNeue||||||||&#8220; header_4_font=&#8220;helveticaNeue||||||||&#8220; header_5_font=&#8220;helveticaNeue||||||||&#8220; header_6_font=&#8220;helveticaNeue||||||||&#8220; background_color=&#8220;#FFFFFF&#8220; custom_margin=&#8220;||-16px||false|false&#8220; custom_css_main_element=&#8220;-webkit-backface-visibility: visible !important;||backface-visibility: visible !important;&#8220; global_colors_info=&#8220;{}&#8220;]<\/p>\n<p><strong>Lage<\/strong> : Siders<br \/>\n<strong>Fl\u00e4che<\/strong> : 0,8 Hektaren<br \/>\n<strong>Rebsorte<\/strong> : Petite Arvine<br \/>\n<strong>Haus<\/strong> : Imesch<br \/>\n<strong>Weine<\/strong> : Petite Arvine Soleil d\u2019Or<\/p>\n<p>[\/et_pb_text][\/et_pb_column][\/et_pb_row][\/et_pb_section][et_pb_section fb_built=&#8220;1&#8243; _builder_version=&#8220;4.10.7&#8243; _module_preset=&#8220;default&#8220; background_image=&#8220;https:\/\/imesch-vins.ch\/wp-content\/uploads\/2021\/10\/03-Domaines-parallax-02-de-Chermignon-a-St-Seonard-Famille-Rouvinez-1-1500&#215;844-1.jpg&#8220; height=&#8220;400px&#8220; locked=&#8220;off&#8220; global_colors_info=&#8220;{}&#8220;][et_pb_row _builder_version=&#8220;4.10.7&#8243; _module_preset=&#8220;default&#8220; global_colors_info=&#8220;{}&#8220;][et_pb_column type=&#8220;4_4&#8243; _builder_version=&#8220;4.10.7&#8243; _module_preset=&#8220;default&#8220; global_colors_info=&#8220;{}&#8220;][et_pb_text _builder_version=&#8220;4.10.8&#8243; _module_preset=&#8220;default&#8220; text_font=&#8220;castelar|700|||||||&#8220; text_text_color=&#8220;#FFFFFF&#8220; text_font_size=&#8220;35px&#8220; text_line_height=&#8220;1.6em&#8220; header_font=&#8220;helveticaNeueBold||||||||&#8220; header_2_font=&#8220;helveticaNeueBold|300|||||||&#8220; header_2_font_size=&#8220;50px&#8220; header_2_letter_spacing=&#8220;20px&#8220; header_3_font=&#8220;helveticaNeue||||||||&#8220; header_4_font=&#8220;helveticaNeue||||||||&#8220; header_5_font=&#8220;helveticaNeue||||||||&#8220; header_6_font=&#8220;helveticaNeue||||||||&#8220; text_orientation=&#8220;center&#8220; custom_margin=&#8220;12vh||||false|false&#8220; global_colors_info=&#8220;{}&#8220;]<\/p>\n<p>VON CHERMIGNON BIS ST-L\u00c9ONARD<\/p>\n<p>[\/et_pb_text][\/et_pb_column][\/et_pb_row][\/et_pb_section][et_pb_section fb_built=&#8220;1&#8243; _builder_version=&#8220;4.10.7&#8243; _module_preset=&#8220;default&#8220; global_colors_info=&#8220;{}&#8220;][et_pb_row column_structure=&#8220;3_5,2_5&#8243; use_custom_gutter=&#8220;on&#8220; gutter_width=&#8220;2&#8243; module_id=&#8220;mangold&#8220; _builder_version=&#8220;4.10.8&#8243; _module_preset=&#8220;default&#8220; locked=&#8220;off&#8220; global_colors_info=&#8220;{}&#8220;][et_pb_column type=&#8220;3_5&#8243; _builder_version=&#8220;4.10.7&#8243; _module_preset=&#8220;default&#8220; global_colors_info=&#8220;{}&#8220;][et_pb_image src=&#8220;https:\/\/imesch-vins.ch\/wp-content\/uploads\/2021\/10\/03-Domaines-09-Mangold-Famille-Rouvinez-1.jpg&#8220; title_text=&#8220;03-Domaines-09-Mangold-Famille-Rouvinez-1&#8243; _builder_version=&#8220;4.10.7&#8243; _module_preset=&#8220;default&#8220; global_colors_info=&#8220;{}&#8220;][\/et_pb_image][\/et_pb_column][et_pb_column type=&#8220;2_5&#8243; _builder_version=&#8220;4.10.7&#8243; _module_preset=&#8220;default&#8220; background_image=&#8220;https:\/\/imesch-vins.ch\/wp-content\/uploads\/2021\/09\/background-titre-V2.jpg&#8220; global_colors_info=&#8220;{}&#8220;][et_pb_text _builder_version=&#8220;4.10.8&#8243; _module_preset=&#8220;default&#8220; header_font=&#8220;helveticaNeueBold||||||||&#8220; header_2_font=&#8220;HelveticaNeue|||on|||||&#8220; header_2_font_size=&#8220;50px&#8220; header_2_letter_spacing=&#8220;20px&#8220; header_3_font=&#8220;castelar|800||on|||||&#8220; header_3_text_color=&#8220;#4f4f4f&#8220; header_3_font_size=&#8220;28px&#8220; header_3_letter_spacing=&#8220;6px&#8220; header_3_line_height=&#8220;1.4em&#8220; header_4_font=&#8220;helveticaNeue||||||||&#8220; header_5_font=&#8220;helveticaNeue||||||||&#8220; header_6_font=&#8220;helveticaNeue||||||||&#8220; background_color=&#8220;#ffffff&#8220; custom_margin=&#8220;||-8px||false|false&#8220; custom_margin_tablet=&#8220;&#8220; custom_margin_phone=&#8220;||-10px||false|false&#8220; custom_margin_last_edited=&#8220;on|phone&#8220; custom_padding=&#8220;||||false|false&#8220; mix_blend_mode=&#8220;screen&#8220; header_3_font_size_tablet=&#8220;36px&#8220; header_3_font_size_phone=&#8220;32px&#8220; header_3_font_size_last_edited=&#8220;on|phone&#8220; locked=&#8220;off&#8220; global_colors_info=&#8220;{}&#8220;]<\/p>\n<h3>MANGOLD<\/h3>\n<p>[\/et_pb_text][et_pb_text _builder_version=&#8220;4.10.8&#8243; _module_preset=&#8220;default&#8220; text_font=&#8220;centuryGothic||||||||&#8220; header_font=&#8220;helveticaNeueBold||||||||&#8220; header_2_font=&#8220;helveticaNeueBold|300|||||||&#8220; header_2_font_size=&#8220;50px&#8220; header_2_letter_spacing=&#8220;20px&#8220; header_3_font=&#8220;helveticaNeue||||||||&#8220; header_4_font=&#8220;helveticaNeue||||||||&#8220; header_5_font=&#8220;helveticaNeue||||||||&#8220; header_6_font=&#8220;helveticaNeue||||||||&#8220; background_color=&#8220;#FFFFFF&#8220; custom_margin=&#8220;||-16px||false|false&#8220; global_colors_info=&#8220;{}&#8220;]<\/p>\n<p><strong>Lage<\/strong> : Granges<br \/>\n<strong>Fl\u00e4che<\/strong> : 0,5 Hektaren<br \/>\n<strong>Rebsorte<\/strong> : Cornalin<br \/>\n<strong>Haus<\/strong> : Imesch<br \/>\n<strong>Weine<\/strong> : Cornalin Soleil d\u2019Or<\/p>\n<p>[\/et_pb_text][\/et_pb_column][\/et_pb_row][et_pb_row column_structure=&#8220;3_5,2_5&#8243; use_custom_gutter=&#8220;on&#8220; gutter_width=&#8220;2&#8243; module_id=&#8220;pissiour&#8220; _builder_version=&#8220;4.10.8&#8243; _module_preset=&#8220;default&#8220; locked=&#8220;off&#8220; global_colors_info=&#8220;{}&#8220;][et_pb_column type=&#8220;3_5&#8243; _builder_version=&#8220;4.10.7&#8243; _module_preset=&#8220;default&#8220; global_colors_info=&#8220;{}&#8220;][et_pb_image src=&#8220;https:\/\/imesch-vins.ch\/wp-content\/uploads\/2021\/10\/03-Domaines-10-Pissiour-Famille-Rouvinez-1.jpg&#8220; title_text=&#8220;03-Domaines-10-Pissiour-Famille-Rouvinez-1&#8243; _builder_version=&#8220;4.10.7&#8243; _module_preset=&#8220;default&#8220; global_colors_info=&#8220;{}&#8220;][\/et_pb_image][\/et_pb_column][et_pb_column type=&#8220;2_5&#8243; _builder_version=&#8220;4.10.7&#8243; _module_preset=&#8220;default&#8220; background_image=&#8220;https:\/\/imesch-vins.ch\/wp-content\/uploads\/2021\/09\/background-titre-V2.jpg&#8220; global_colors_info=&#8220;{}&#8220;][et_pb_text _builder_version=&#8220;4.10.8&#8243; _module_preset=&#8220;default&#8220; header_font=&#8220;helveticaNeueBold||||||||&#8220; header_2_font=&#8220;HelveticaNeue|||on|||||&#8220; header_2_font_size=&#8220;50px&#8220; header_2_letter_spacing=&#8220;20px&#8220; header_3_font=&#8220;castelar|800||on|||||&#8220; header_3_text_color=&#8220;#4f4f4f&#8220; header_3_font_size=&#8220;28px&#8220; header_3_letter_spacing=&#8220;6px&#8220; header_3_line_height=&#8220;1.4em&#8220; header_4_font=&#8220;helveticaNeue||||||||&#8220; header_5_font=&#8220;helveticaNeue||||||||&#8220; header_6_font=&#8220;helveticaNeue||||||||&#8220; background_color=&#8220;#ffffff&#8220; custom_margin=&#8220;||-8px||false|false&#8220; custom_margin_tablet=&#8220;&#8220; custom_margin_phone=&#8220;||||false|false&#8220; custom_margin_last_edited=&#8220;on|phone&#8220; custom_padding=&#8220;||||false|false&#8220; mix_blend_mode=&#8220;screen&#8220; header_3_font_size_tablet=&#8220;36px&#8220; header_3_font_size_phone=&#8220;32px&#8220; header_3_font_size_last_edited=&#8220;on|phone&#8220; locked=&#8220;off&#8220; global_colors_info=&#8220;{}&#8220;]<\/p>\n<h3>PISSIOUR<\/h3>\n<p>[\/et_pb_text][et_pb_text _builder_version=&#8220;4.10.8&#8243; _module_preset=&#8220;default&#8220; text_font=&#8220;centuryGothic||||||||&#8220; header_font=&#8220;helveticaNeueBold||||||||&#8220; header_2_font=&#8220;helveticaNeueBold|300|||||||&#8220; header_2_font_size=&#8220;50px&#8220; header_2_letter_spacing=&#8220;20px&#8220; header_3_font=&#8220;helveticaNeue||||||||&#8220; header_4_font=&#8220;helveticaNeue||||||||&#8220; header_5_font=&#8220;helveticaNeue||||||||&#8220; header_6_font=&#8220;helveticaNeue||||||||&#8220; background_color=&#8220;#FFFFFF&#8220; custom_margin=&#8220;||-16px||false|false&#8220; global_colors_info=&#8220;{}&#8220;]<\/p>\n<p><strong>Lage<\/strong> : Granges<br \/>\n<strong>Fl\u00e4che<\/strong> : 0,5 Hektaren<br \/>\n<strong>Rebsorte<\/strong> : Petite Arvine<br \/>\n<strong>Haus<\/strong> : Imesch<br \/>\n<strong>Weine<\/strong> : Petite Arvine Soleil d\u2019Or<\/p>\n<p>[\/et_pb_text][\/et_pb_column][\/et_pb_row][et_pb_row column_structure=&#8220;3_5,2_5&#8243; use_custom_gutter=&#8220;on&#8220; gutter_width=&#8220;2&#8243; module_id=&#8220;orgeval&#8220; _builder_version=&#8220;4.10.8&#8243; _module_preset=&#8220;default&#8220; locked=&#8220;off&#8220; global_colors_info=&#8220;{}&#8220;][et_pb_column type=&#8220;3_5&#8243; _builder_version=&#8220;4.10.7&#8243; _module_preset=&#8220;default&#8220; global_colors_info=&#8220;{}&#8220;][et_pb_image src=&#8220;https:\/\/imesch-vins.ch\/wp-content\/uploads\/2021\/10\/03-Domaines-12-Orgeval-Famille-Rouvinez-1.jpg&#8220; title_text=&#8220;03-Domaines-12-Orgeval-Famille-Rouvinez-1&#8243; _builder_version=&#8220;4.10.7&#8243; _module_preset=&#8220;default&#8220; global_colors_info=&#8220;{}&#8220;][\/et_pb_image][\/et_pb_column][et_pb_column type=&#8220;2_5&#8243; _builder_version=&#8220;4.10.7&#8243; _module_preset=&#8220;default&#8220; background_image=&#8220;https:\/\/imesch-vins.ch\/wp-content\/uploads\/2021\/09\/background-titre-V2.jpg&#8220; global_colors_info=&#8220;{}&#8220;][et_pb_text _builder_version=&#8220;4.10.8&#8243; _module_preset=&#8220;default&#8220; header_font=&#8220;helveticaNeueBold||||||||&#8220; header_2_font=&#8220;HelveticaNeue|||on|||||&#8220; header_2_font_size=&#8220;50px&#8220; header_2_letter_spacing=&#8220;20px&#8220; header_3_font=&#8220;castelar|800||on|||||&#8220; header_3_text_color=&#8220;#4f4f4f&#8220; header_3_font_size=&#8220;28px&#8220; header_3_letter_spacing=&#8220;6px&#8220; header_3_line_height=&#8220;1.4em&#8220; header_4_font=&#8220;helveticaNeue||||||||&#8220; header_5_font=&#8220;helveticaNeue||||||||&#8220; header_6_font=&#8220;helveticaNeue||||||||&#8220; background_color=&#8220;#ffffff&#8220; custom_margin=&#8220;||-10px||false|false&#8220; custom_margin_tablet=&#8220;&#8220; custom_margin_phone=&#8220;||||false|false&#8220; custom_margin_last_edited=&#8220;on|phone&#8220; custom_padding=&#8220;||||false|false&#8220; mix_blend_mode=&#8220;screen&#8220; header_3_font_size_tablet=&#8220;36px&#8220; header_3_font_size_phone=&#8220;32px&#8220; header_3_font_size_last_edited=&#8220;on|phone&#8220; locked=&#8220;off&#8220; global_colors_info=&#8220;{}&#8220;]<\/p>\n<h3>ORG\u00c9VAL<\/h3>\n<p>[\/et_pb_text][et_pb_text _builder_version=&#8220;4.10.8&#8243; _module_preset=&#8220;default&#8220; text_font=&#8220;centuryGothic||||||||&#8220; header_font=&#8220;helveticaNeueBold||||||||&#8220; header_2_font=&#8220;helveticaNeueBold|300|||||||&#8220; header_2_font_size=&#8220;50px&#8220; header_2_letter_spacing=&#8220;20px&#8220; header_3_font=&#8220;helveticaNeue||||||||&#8220; header_4_font=&#8220;helveticaNeue||||||||&#8220; header_5_font=&#8220;helveticaNeue||||||||&#8220; header_6_font=&#8220;helveticaNeue||||||||&#8220; background_color=&#8220;#FFFFFF&#8220; custom_margin=&#8220;||-16px||false|false&#8220; global_colors_info=&#8220;{}&#8220;]<\/p>\n<p><strong>Lage<\/strong> : St-L\u00e9onard<br \/>\n<strong>Fl\u00e4che<\/strong> : 0,4 Hektaren<br \/>\n<strong>Rebsorte<\/strong> : Humagne Rouge<br \/>\n<strong>Haus<\/strong> : Imesch<br \/>\n<strong>Weine<\/strong> : Humagne Rouge Soleil d\u2019Or<\/p>\n<p>[\/et_pb_text][\/et_pb_column][\/et_pb_row][\/et_pb_section]<\/p>\n","protected":false},"excerpt":{"rendered":"<p>UNSER WEINBERGUNSERE WEINBERGE Das Gebiet um die Stadt Sierre wird durch sein besonderes Klima so beg\u00fcnstigt, dass schon die alten R\u00f6mer die kleine Siedlung \u00abSirrum amoenum\u00bb nannten: \u00abSierre, die Angenehme\u00bb. Sp\u00e4ter wurde Sierre als die \u00abSonnenstadt\u00bb bekannt, und tats\u00e4chlich weist keine andere Schweizer Gegend so viele Sonnentage auf wie Sierre. Das Landschaftsbild von Sierre wird [&hellip;]<\/p>\n","protected":false},"author":3,"featured_media":0,"parent":0,"menu_order":0,"comment_status":"closed","ping_status":"closed","template":"","meta":{"_et_pb_use_builder":"on","_et_pb_old_content":"","_et_gb_content_width":"","inline_featured_image":false,"_monsterinsights_skip_tracking":false,"_monsterinsights_sitenote_active":false,"_monsterinsights_sitenote_note":"","_monsterinsights_sitenote_category":0,"_uf_show_specific_survey":0,"_uf_disable_surveys":false,"footnotes":""},"class_list":["post-1981","page","type-page","status-publish","hentry"],"yoast_head":"<!-- This site is optimized with the Yoast SEO plugin v27.3 - https:\/\/yoast.com\/product\/yoast-seo-wordpress\/ -->\n<title>Unser Weinberg - Imesch Vins<\/title>\n<meta name=\"description\" content=\"Das Gebiet um die Stadt Sierre wird durch sein besonderes Klima so beg\u00fcnstigt, dass schon die alten R\u00f6mer die kleine Siedlung \u00abSirrum amoenum\u00bb nannten: \u00abSierre, die Angenehme\u00bb.\" \/>\n<meta name=\"robots\" content=\"index, follow, max-snippet:-1, max-image-preview:large, max-video-preview:-1\" \/>\n<link rel=\"canonical\" href=\"https:\/\/imesch-vins.ch\/de\/unsere-weinberge\/\" \/>\n<meta property=\"og:locale\" content=\"de_DE\" \/>\n<meta property=\"og:type\" content=\"article\" \/>\n<meta property=\"og:title\" content=\"Unser Weinberg - Imesch Vins\" \/>\n<meta property=\"og:description\" content=\"Das Gebiet um die Stadt Sierre wird durch sein besonderes Klima so beg\u00fcnstigt, dass schon die alten R\u00f6mer die kleine Siedlung \u00abSirrum amoenum\u00bb nannten: \u00abSierre, die Angenehme\u00bb.\" \/>\n<meta property=\"og:url\" content=\"https:\/\/imesch-vins.ch\/de\/unsere-weinberge\/\" \/>\n<meta property=\"og:site_name\" content=\"Imesch Vins\" \/>\n<meta property=\"article:modified_time\" content=\"2022-03-31T14:01:48+00:00\" \/>\n<meta name=\"twitter:card\" content=\"summary_large_image\" \/>\n<meta name=\"twitter:label1\" content=\"Gesch\u00e4tzte Lesezeit\" \/>\n\t<meta name=\"twitter:data1\" content=\"14\u00a0Minuten\" \/>\n<script type=\"application\/ld+json\" class=\"yoast-schema-graph\">{\"@context\":\"https:\\\/\\\/schema.org\",\"@graph\":[{\"@type\":\"WebPage\",\"@id\":\"https:\\\/\\\/imesch-vins.ch\\\/de\\\/unsere-weinberge\\\/\",\"url\":\"https:\\\/\\\/imesch-vins.ch\\\/de\\\/unsere-weinberge\\\/\",\"name\":\"Unser Weinberg - Imesch Vins\",\"isPartOf\":{\"@id\":\"https:\\\/\\\/imesch-vins.ch\\\/de\\\/#website\"},\"datePublished\":\"2021-10-11T10:14:36+00:00\",\"dateModified\":\"2022-03-31T14:01:48+00:00\",\"description\":\"Das Gebiet um die Stadt Sierre wird durch sein besonderes Klima so beg\u00fcnstigt, dass schon die alten R\u00f6mer die kleine Siedlung \u00abSirrum amoenum\u00bb nannten: \u00abSierre, die Angenehme\u00bb.\",\"breadcrumb\":{\"@id\":\"https:\\\/\\\/imesch-vins.ch\\\/de\\\/unsere-weinberge\\\/#breadcrumb\"},\"inLanguage\":\"de\",\"potentialAction\":[{\"@type\":\"ReadAction\",\"target\":[\"https:\\\/\\\/imesch-vins.ch\\\/de\\\/unsere-weinberge\\\/\"]}]},{\"@type\":\"BreadcrumbList\",\"@id\":\"https:\\\/\\\/imesch-vins.ch\\\/de\\\/unsere-weinberge\\\/#breadcrumb\",\"itemListElement\":[{\"@type\":\"ListItem\",\"position\":1,\"name\":\"Accueil\",\"item\":\"https:\\\/\\\/imesch-vins.ch\\\/de\\\/\"},{\"@type\":\"ListItem\",\"position\":2,\"name\":\"Unser Weinberg\"}]},{\"@type\":\"WebSite\",\"@id\":\"https:\\\/\\\/imesch-vins.ch\\\/de\\\/#website\",\"url\":\"https:\\\/\\\/imesch-vins.ch\\\/de\\\/\",\"name\":\"Imesch Vins\",\"description\":\"Vins de Imesch\",\"publisher\":{\"@id\":\"https:\\\/\\\/imesch-vins.ch\\\/de\\\/#organization\"},\"potentialAction\":[{\"@type\":\"SearchAction\",\"target\":{\"@type\":\"EntryPoint\",\"urlTemplate\":\"https:\\\/\\\/imesch-vins.ch\\\/de\\\/?s={search_term_string}\"},\"query-input\":{\"@type\":\"PropertyValueSpecification\",\"valueRequired\":true,\"valueName\":\"search_term_string\"}}],\"inLanguage\":\"de\"},{\"@type\":\"Organization\",\"@id\":\"https:\\\/\\\/imesch-vins.ch\\\/de\\\/#organization\",\"name\":\"Imesch Vins\",\"url\":\"https:\\\/\\\/imesch-vins.ch\\\/de\\\/\",\"logo\":{\"@type\":\"ImageObject\",\"inLanguage\":\"de\",\"@id\":\"https:\\\/\\\/imesch-vins.ch\\\/de\\\/#\\\/schema\\\/logo\\\/image\\\/\",\"url\":\"https:\\\/\\\/imesch-vins.ch\\\/wp-content\\\/uploads\\\/2021\\\/09\\\/imesh.svg\",\"contentUrl\":\"https:\\\/\\\/imesch-vins.ch\\\/wp-content\\\/uploads\\\/2021\\\/09\\\/imesh.svg\",\"width\":383,\"height\":423,\"caption\":\"Imesch Vins\"},\"image\":{\"@id\":\"https:\\\/\\\/imesch-vins.ch\\\/de\\\/#\\\/schema\\\/logo\\\/image\\\/\"}}]}<\/script>\n<!-- \/ Yoast SEO plugin. -->","yoast_head_json":{"title":"Unser Weinberg - Imesch Vins","description":"Das Gebiet um die Stadt Sierre wird durch sein besonderes Klima so beg\u00fcnstigt, dass schon die alten R\u00f6mer die kleine Siedlung \u00abSirrum amoenum\u00bb nannten: \u00abSierre, die Angenehme\u00bb.","robots":{"index":"index","follow":"follow","max-snippet":"max-snippet:-1","max-image-preview":"max-image-preview:large","max-video-preview":"max-video-preview:-1"},"canonical":"https:\/\/imesch-vins.ch\/de\/unsere-weinberge\/","og_locale":"de_DE","og_type":"article","og_title":"Unser Weinberg - Imesch Vins","og_description":"Das Gebiet um die Stadt Sierre wird durch sein besonderes Klima so beg\u00fcnstigt, dass schon die alten R\u00f6mer die kleine Siedlung \u00abSirrum amoenum\u00bb nannten: \u00abSierre, die Angenehme\u00bb.","og_url":"https:\/\/imesch-vins.ch\/de\/unsere-weinberge\/","og_site_name":"Imesch Vins","article_modified_time":"2022-03-31T14:01:48+00:00","twitter_card":"summary_large_image","twitter_misc":{"Gesch\u00e4tzte Lesezeit":"14\u00a0Minuten"},"schema":{"@context":"https:\/\/schema.org","@graph":[{"@type":"WebPage","@id":"https:\/\/imesch-vins.ch\/de\/unsere-weinberge\/","url":"https:\/\/imesch-vins.ch\/de\/unsere-weinberge\/","name":"Unser Weinberg - Imesch Vins","isPartOf":{"@id":"https:\/\/imesch-vins.ch\/de\/#website"},"datePublished":"2021-10-11T10:14:36+00:00","dateModified":"2022-03-31T14:01:48+00:00","description":"Das Gebiet um die Stadt Sierre wird durch sein besonderes Klima so beg\u00fcnstigt, dass schon die alten R\u00f6mer die kleine Siedlung \u00abSirrum amoenum\u00bb nannten: \u00abSierre, die Angenehme\u00bb.","breadcrumb":{"@id":"https:\/\/imesch-vins.ch\/de\/unsere-weinberge\/#breadcrumb"},"inLanguage":"de","potentialAction":[{"@type":"ReadAction","target":["https:\/\/imesch-vins.ch\/de\/unsere-weinberge\/"]}]},{"@type":"BreadcrumbList","@id":"https:\/\/imesch-vins.ch\/de\/unsere-weinberge\/#breadcrumb","itemListElement":[{"@type":"ListItem","position":1,"name":"Accueil","item":"https:\/\/imesch-vins.ch\/de\/"},{"@type":"ListItem","position":2,"name":"Unser Weinberg"}]},{"@type":"WebSite","@id":"https:\/\/imesch-vins.ch\/de\/#website","url":"https:\/\/imesch-vins.ch\/de\/","name":"Imesch Vins","description":"Vins de Imesch","publisher":{"@id":"https:\/\/imesch-vins.ch\/de\/#organization"},"potentialAction":[{"@type":"SearchAction","target":{"@type":"EntryPoint","urlTemplate":"https:\/\/imesch-vins.ch\/de\/?s={search_term_string}"},"query-input":{"@type":"PropertyValueSpecification","valueRequired":true,"valueName":"search_term_string"}}],"inLanguage":"de"},{"@type":"Organization","@id":"https:\/\/imesch-vins.ch\/de\/#organization","name":"Imesch Vins","url":"https:\/\/imesch-vins.ch\/de\/","logo":{"@type":"ImageObject","inLanguage":"de","@id":"https:\/\/imesch-vins.ch\/de\/#\/schema\/logo\/image\/","url":"https:\/\/imesch-vins.ch\/wp-content\/uploads\/2021\/09\/imesh.svg","contentUrl":"https:\/\/imesch-vins.ch\/wp-content\/uploads\/2021\/09\/imesh.svg","width":383,"height":423,"caption":"Imesch Vins"},"image":{"@id":"https:\/\/imesch-vins.ch\/de\/#\/schema\/logo\/image\/"}}]}},"_links":{"self":[{"href":"https:\/\/imesch-vins.ch\/de\/wp-json\/wp\/v2\/pages\/1981","targetHints":{"allow":["GET"]}}],"collection":[{"href":"https:\/\/imesch-vins.ch\/de\/wp-json\/wp\/v2\/pages"}],"about":[{"href":"https:\/\/imesch-vins.ch\/de\/wp-json\/wp\/v2\/types\/page"}],"author":[{"embeddable":true,"href":"https:\/\/imesch-vins.ch\/de\/wp-json\/wp\/v2\/users\/3"}],"replies":[{"embeddable":true,"href":"https:\/\/imesch-vins.ch\/de\/wp-json\/wp\/v2\/comments?post=1981"}],"version-history":[{"count":5,"href":"https:\/\/imesch-vins.ch\/de\/wp-json\/wp\/v2\/pages\/1981\/revisions"}],"predecessor-version":[{"id":3132,"href":"https:\/\/imesch-vins.ch\/de\/wp-json\/wp\/v2\/pages\/1981\/revisions\/3132"}],"wp:attachment":[{"href":"https:\/\/imesch-vins.ch\/de\/wp-json\/wp\/v2\/media?parent=1981"}],"curies":[{"name":"wp","href":"https:\/\/api.w.org\/{rel}","templated":true}]}}